{"id":388142,"date":"2026-04-22T11:05:04","date_gmt":"2026-04-22T09:05:04","guid":{"rendered":"https:\/\/cecot.org\/?post_type=premsa&#038;p=388142"},"modified":"2026-04-22T11:23:46","modified_gmt":"2026-04-22T09:23:46","slug":"salo-connecta-cecot-500-vacants-en-una-sola-jornada","status":"publish","type":"premsa","link":"https:\/\/cecot.org\/es\/premsa\/salo-connecta-cecot-500-vacants-en-una-sola-jornada\/","title":{"rendered":"El Sal\u00f3 Connecta de la Cecot agrupa empreses i gremis per oferir m\u00e9s de 500 vacants de feina en una sola jornada"},"content":{"rendered":"\n<ul class=\"wp-block-list\">\n<li><strong>El 28 d\u2019abril, &nbsp;la Cecot estrena a Terrassa el Sal\u00f3 Connecta, una jornada que connecta talent i empresa a partir de l\u2019agrupaci\u00f3 d\u2019ofertes de feina del seu teixit empresarial i associatiu.<\/strong><\/li>\n<\/ul>\n\n\n\n<ul class=\"wp-block-list\">\n<li><strong>La implicaci\u00f3 de prop de quaranta empreses, entitats i dotze gremis permet concentrar en un \u00fanic espai m\u00e9s de 500 vacants vigents per a perfils professionals diversos.<\/strong><\/li>\n<\/ul>\n\n\n\n<ul class=\"wp-block-list\">\n<li><strong>El programa es completa amb c\u00e0psules informatives breus sobre curr\u00edculum, LinkedIn i intel\u00b7lig\u00e8ncia artificial aplicada a la recerca de feina, pensades per millorar l\u2019ocupabilitat i l\u2019adequaci\u00f3 de les candidatures.<\/strong><\/li>\n<\/ul>\n\n\n\n<p><strong>Terrassa, 22 d\u2019abril de 2026 \u2013 <\/strong>La Cecot celebrar\u00e0 el pr\u00f2xim 28 d\u2019abril a la seva seu de Terrassa la primera edici\u00f3 del <strong>Sal\u00f3 Connecta: Talent i Empresa<\/strong>, una jornada impulsada per l\u2019entitat per facilitar el contacte directe entre persones en recerca de feina, professionals que volen reorientar la seva traject\u00f2ria o joves que s\u2019incorporen al mercat laboral, i empreses amb necessitats reals de talent.<\/p>\n\n\n\n<p>A una setmana de la seva celebraci\u00f3, l\u2019organitzaci\u00f3 destaca una dada rellevant: el Sal\u00f3 Connecta posar\u00e0 a disposici\u00f3 dels assistents <strong>m\u00e9s de 500 vacants de feina<\/strong>, concentrades en un \u00fanic espai i corresponents a ofertes vigents.<\/p>\n\n\n\n<p>El sal\u00f3 compta ja amb la participaci\u00f3 de <strong>prop de 40 empreses i entitats i 12 gremis<\/strong>, fet que permet ampliar l\u2019abast de les oportunitats disponibles i representar necessitats de contractaci\u00f3 de m\u00faltiples sectors. L\u2019oferta inclou perfils de l\u2019\u00e0mbit industrial, serveis, tecnologia, log\u00edstica, administraci\u00f3, comer\u00e7, qualitat, funcions t\u00e8cniques i atenci\u00f3 a les persones.<\/p>\n\n\n\n<p>Entre les empreses confirmades hi ha <strong>Eurofragance, Pastisart, Educa Borr\u00e0s, Parc Vall\u00e8s, Veolia, Mikalor, SM Savall, V\u00edtaly, TOI TOI, Egarfil, Rub\u00ed Tools, DOGA, CELSA Group, M\u00fatua Terrassa, Leitat Technological Center, LaFACT, Ametller Origen, Finsa Job Group i Yomovo<\/strong>, a m\u00e9s d\u2019altres incorporacions que s\u2019estan acabant de tancar.<\/p>\n\n\n\n<p>La jornada tamb\u00e9 comptar\u00e0 amb la participaci\u00f3 d\u2019empreses especialitzades en selecci\u00f3 de personal com <strong>Marlex, GCT Plus i Randstad<\/strong>, que facilitaran el contacte amb candidatures i processos de contractaci\u00f3.<\/p>\n\n\n\n<p>El Sal\u00f3 Connecta incorpora, a m\u00e9s, la implicaci\u00f3 de <strong>12 gremis i entitats sectorials<\/strong>, com el <strong>Gremi de la Construcci\u00f3 del Vall\u00e8s, el Gremi de la Fusta, el Gremi Qu\u00edmic, l\u2019ASEITEC, l\u2019ACCA, el Gremi de Ferreteria, el Greintec, la Uni\u00f3 Empresarial del Metall, el Gremi de Transports i Log\u00edstica de Catalunya, l\u2019Institut Industrial-Gremi T\u00e8xtil, el Gremi de Tallers de Reparaci\u00f3 de Vehicles o l\u2019AIPC<\/strong> que aporten necessitats concretes dels seus respectius \u00e0mbits. \u201cAquesta combinaci\u00f3 permet que el visitant no hi trobi un espai gen\u00e8ric, sin\u00f3 oportunitats reals i connexions directes amb sectors que avui tenen dificultats per incorporar talent\u201d, explica <strong>Oriol Alba<\/strong>, secretari general de la Cecot.<\/p>\n\n\n\n<p>Des de l\u2019entitat remarquen que el valor del sal\u00f3 no rau nom\u00e9s en la pres\u00e8ncia d\u2019empreses, sin\u00f3 en la possibilitat de generar <strong>contacte directe i immediat<\/strong> entre oferta i demanda. \u201cL\u2019objectiu \u00e9s simple i directe: connectar talent amb vacants concretes en una mateixa jornada\u201d, subratlla Oriol Alba.<\/p>\n\n\n\n<p>Un altre dels atractius del Sal\u00f3 Connecta ser\u00e0 el programa de <strong>tallers i xerrades pr\u00e0ctiques<\/strong>, amb sessions al llarg de tot el dia sobre intel\u00b7lig\u00e8ncia artificial aplicada a la recerca de feina, LinkedIn, curr\u00edculum, entrevista de selecci\u00f3, superaci\u00f3 del filtratge autom\u00e0tic de candidatures, identificaci\u00f3 de compet\u00e8ncies i activaci\u00f3 de la cerca de feina. Les sessions s\u2019oferiran en franges de mat\u00ed i tarda, en c\u00e0psules de 20 a 25 minuts, pensades per aportar eines concretes i aplicables de manera immediata.<\/p>\n\n\n\n<p>Un altre dels atractius de la jornada ser\u00e0 el programa de tallers i xerrades amb sessions al llarg de tot el dia sobre&nbsp;<strong>IA i cerca de feina, LinkedIn, curr\u00edculum, entrevista de selecci\u00f3, superaci\u00f3 del filtratge autom\u00e0tic de candidatures, identificaci\u00f3 de compet\u00e8ncies i passos clau per activar la cerca de feina<\/strong>. Els tallers s\u2019oferiran en franges de mat\u00ed i tarda, en c\u00e0psules de 20 a 25 minuts, pensades per aportar eines concretes i aplicables de manera immediata.<\/p>\n\n\n\n<p>El Sal\u00f3 tamb\u00e9 vol refor\u00e7ar el paper de les aliances territorials. Hi col\u00b7laboren centres i institucions com&nbsp;<strong>ESCI, EADA Business School, ESDI, Euncet, la UPC i la UAB<\/strong>, i el projecte compta amb el suport de la&nbsp;<strong>Fundaci\u00f3 Institut Industrial<\/strong>.<\/p>\n\n\n\n<p>La Cecot ha dissenyat el Sal\u00f3 Connecta amb una clara vocaci\u00f3 de reduir la dist\u00e0ncia entre oferta i demanda, accelerar els processos de selecci\u00f3 i posar les persones al centre, amb un format que prioritza el contacte hum\u00e0 i la resposta immediata. El sal\u00f3 s\u2019inscriu tamb\u00e9 dins l\u2019estrat\u00e8gia de l\u2019entitat per avan\u00e7ar cap a un mercat de treball m\u00e9s eficient i per donar resposta a la dificultat creixent que troben moltes empreses per cobrir determinats perfils qualificats.<\/p>\n\n\n\n<p>L\u2019entrada \u00e9s gratu\u00efta amb inscripci\u00f3 pr\u00e8via a&nbsp;<strong><a href=\"https:\/\/cecot.org\/connecta\/\">cecot.org\/connecta<\/a><\/strong><\/p>\n\n\n\n<p><\/p>\n","protected":false},"excerpt":{"rendered":"<p>Terrassa, 22 d\u2019abril de 2026 \u2013 La Cecot celebrar\u00e0 el pr\u00f2xim 28 d\u2019abril a la seva seu de Terrassa la primera edici\u00f3 del Sal\u00f3 Connecta: Talent i Empresa, una jornada impulsada per l\u2019entitat per facilitar el contacte directe entre persones en recerca de feina, professionals que volen reorientar la seva traject\u00f2ria o joves que s\u2019incorporen [&hellip;]<\/p>\n","protected":false},"featured_media":384767,"menu_order":0,"template":"","categories":[],"class_list":["post-388142","premsa","type-premsa","status-publish","has-post-thumbnail","hentry"],"_links":{"self":[{"href":"https:\/\/cecot.org\/es\/wp-json\/wp\/v2\/premsa\/388142","targetHints":{"allow":["GET"]}}],"collection":[{"href":"https:\/\/cecot.org\/es\/wp-json\/wp\/v2\/premsa"}],"about":[{"href":"https:\/\/cecot.org\/es\/wp-json\/wp\/v2\/types\/premsa"}],"wp:featuredmedia":[{"embeddable":true,"href":"https:\/\/cecot.org\/es\/wp-json\/wp\/v2\/media\/384767"}],"wp:attachment":[{"href":"https:\/\/cecot.org\/es\/wp-json\/wp\/v2\/media?parent=388142"}],"wp:term":[{"taxonomy":"category","embeddable":true,"href":"https:\/\/cecot.org\/es\/wp-json\/wp\/v2\/categories?post=388142"}],"curies":[{"name":"wp","href":"https:\/\/api.w.org\/{rel}","templated":true}]}}