{"id":353542,"date":"2024-12-13T11:36:06","date_gmt":"2024-12-13T09:36:06","guid":{"rendered":"https:\/\/cecot.org\/premsa\/lenginyer-industrial-oriol-xalabarder-nou-president-de-la-comissio-denergia-i-sostenibilitat-de-la-cecot-en-substitucio-de-josep-maria-serena-copy\/"},"modified":"2024-12-13T11:40:27","modified_gmt":"2024-12-13T09:40:27","slug":"la-patronal-cecot-nova-entitat-collaboradora-de-lobservatori-dels-sistemes-europeus-de-previsio-social-complementaria","status":"publish","type":"premsa","link":"https:\/\/cecot.org\/es\/premsa\/la-patronal-cecot-nova-entitat-collaboradora-de-lobservatori-dels-sistemes-europeus-de-previsio-social-complementaria\/","title":{"rendered":"La patronal Cecot, nova entitat col\u00b7laboradora de l&#8217;Observatori dels Sistemes Europeus de Previsi\u00f3 Social Complement\u00e0ria"},"content":{"rendered":"\n<ul class=\"wp-block-list\">\n<li><\/li>\n<\/ul>\n\n\n\n<blockquote class=\"wp-block-quote is-layout-flow wp-block-quote-is-layout-flow\">\n<p><strong><strong>L&#8217;objectiu de la col\u00b7laboraci\u00f3 \u00e9s la de contribuir a l\u2019an\u00e0lisi i\u00a0 desenvolupament de la previsi\u00f3 social complement\u00e0ria, aix\u00ed com el de promoure el mutualisme a Catalunya.<\/strong><\/strong><\/p>\n<\/blockquote>\n\n\n\n<ul class=\"wp-block-list\">\n<li><strong>La<\/strong> <strong>col\u00b7laboraci\u00f3 entre ambdues entitats permetr\u00e0 el desenvolupament d&#8217;iniciatives conjuntes per a aconseguir aquests objectius.<\/strong><\/li>\n<\/ul>\n\n\n\n<p><strong>Terrassa, 13 de desembre de 2024. &nbsp;<\/strong>El dia 28 d&#8217;octubre la patronal Cecot va formalitzar la seva adhesi\u00f3 a l&#8217;Observatori dels Sistemes Europeus de Previsi\u00f3 Social Complement\u00e0ria. Les relacions entre totes dues entitats van comen\u00e7ar arran de la trobada celebrada dies abans per a tractar de la creaci\u00f3 d&#8217;un instrument de previsi\u00f3 social de car\u00e0cter mutualista, a semblan\u00e7a de les EPSV basques, una possibilitat que l&#8217;Observatori recull en el Llibre blanc de la Previsi\u00f3 Social Complement\u00e0ria a Catalunya.<\/p>\n\n\n\n<p>L&#8217;Observatori compta amb una xarxa de col\u00b7laboradors que, al costat de la resta de <em>partenaires<\/em> (patrocinadors, institucions p\u00fabliques, membres de la xarxa universit\u00e0ria i de la xarxa d&#8217;observatoris i <em>media partners<\/em>) constitueixen un grup heterogeni d&#8217;agents i grups d&#8217;inter\u00e8s que comparteixen l&#8217;objectiu del desenvolupament del model europeu de previsi\u00f3 social de tres pilars: el sistema p\u00fablic de pensions, els r\u00e8gims privats que es desenvolupen en l\u2019\u00e0mbit de l\u2019empresa i la decisi\u00f3 individual i volunt\u00e0ria de les persones de destinar a l\u2019estalvi part de la seva renda lliure. Segons l\u2019Observatori, \u201cla incorporaci\u00f3 de Cecot suposa un suport estrat\u00e8gic clau, en comptar amb una entitat patronal de gran import\u00e0ncia en el teixit laboral catal\u00e0\u201d.<\/p>\n\n\n\n<p>La patronal Cecot \u00e9s una organitzaci\u00f3 empresarial multisectorial catalana, fundada en 1978 com a resultat de la uni\u00f3 de l&#8217;Institut Industrial-Gremi T\u00e8xtil (constitu\u00eft en 1873) amb la Uni\u00f3 Comercial i Industrial (constitu\u00efda en 1969), i liderada i impulsada per empresaris, empres\u00e0ries i executius en actiu. Actualment integra m\u00e9s de seixanta-cinc col\u00b7lectius professionals i empresarials de diferents sectors d&#8217;activitat, que representen 40.000 empreses en el territori, sent el sector industrial un dels principals grups representats en l&#8217;entitat, donats els seus or\u00edgens vinculats a grans industrials del sector t\u00e8xtil i metal\u00b7l\u00fargic, alguns d&#8217;ells protagonistes de la revoluci\u00f3 industrial a Catalunya.<\/p>\n\n\n\n<p>\u201cFa aproximadament uns vuit anys, des de la Cecot impulsem una proposta, entre els agents socials catalans, per a estudiar la creaci\u00f3 d&#8217;instruments de previsi\u00f3 social complement\u00e0ria amb molt poc \u00e8xit en aquell moment, per cert, i m\u00e9s si tenim en compte la dilatada tradici\u00f3 mutualista que tenim en aquest pa\u00eds\u201d, va explicar Xavier Pan\u00e9s, president de Cecot, \u201cavui dia, continuem conven\u00e7uts de la necessitat de generar debat sobre aquest tema i aprofundir des d&#8217;una visi\u00f3 transversal, a trav\u00e9s del di\u00e0leg social, en la proposta de mecanismes de previsi\u00f3 social a Catalunya per a garantir el benestar de la ciutadania. \u00c9s per aix\u00f2 que t\u00e9 tot el sentit per a nosaltres col\u00b7laborar amb l&#8217;Observatori dels SEPSC i formar part del di\u00e0leg social per a l&#8217;an\u00e0lisi i definici\u00f3 consensuada del millor model de previsi\u00f3 social per a Catalunya.\u201d<\/p>\n\n\n\n<p>\u201cL&#8217;Observatori dona la benvinguda a Cecot a la seva xarxa d&#8217;entitats col\u00b7laboradores amb satisfacci\u00f3 i amb la voluntat de dur a terme iniciatives que la integrin en la nostra activitat habitual de divulgaci\u00f3, recerca i formaci\u00f3\u201d, va afirmar Xavier Varea, director de l&#8217;Observatori. \u201cComptar amb una entitat patronal amb el prestigi de Cecot permetr\u00e0 comptar amb l&#8217;experi\u00e8ncia i el coneixement del panorama laboral necessari per a poder contribuir, de manera conjunta, al necessari desenvolupament de la previsi\u00f3 social complement\u00e0ria\u201d.<\/p>\n\n\n\n<p><strong>Sobre l\u2019Observatori dels Sistemes Europeus de Previsi\u00f3 Social Complement\u00e0ria<\/strong><\/p>\n\n\n\n<p>L&#8217;<a href=\"https:\/\/www.ub.edu\/private-pensions\/\">Observatori<\/a> \u00e9s una estructura de recerca de la Universitat de Barcelona que es constitueix com una plataforma d&#8217;informaci\u00f3, debat, reflexi\u00f3 i intercanvi de coneixement i experi\u00e8ncies sobre els diferents sistemes de pensions d&#8217;Europa des d&#8217;una perspectiva multidisciplin\u00e0ria.<\/p>\n\n\n\n<p>Es crea l\u2019any 2019 per a fomentar les activitats de recerca interdisciplin\u00e0ria i docents en el camp de la Previsi\u00f3 Social Complement\u00e0ria. T\u00e9 la voluntat d&#8217;influir, a nivell social, en el debat que s&#8217;est\u00e0 produint referent a la reforma dels sistemes de pensions a Europa.<\/p>\n","protected":false},"excerpt":{"rendered":"<p>L&#8217;objectiu de la col\u00b7laboraci\u00f3 \u00e9s la de contribuir a l\u2019an\u00e0lisi i\u00a0 desenvolupament de la previsi\u00f3 social complement\u00e0ria, aix\u00ed com el de promoure el mutualisme a Catalunya. Terrassa, 13 de desembre de 2024. &nbsp;El dia 28 d&#8217;octubre la patronal Cecot va formalitzar la seva adhesi\u00f3 a l&#8217;Observatori dels Sistemes Europeus de Previsi\u00f3 Social Complement\u00e0ria. Les relacions [&hellip;]<\/p>\n","protected":false},"featured_media":352565,"menu_order":0,"template":"","categories":[410],"class_list":["post-353542","premsa","type-premsa","status-publish","has-post-thumbnail","hentry","category-activitats"],"_links":{"self":[{"href":"https:\/\/cecot.org\/es\/wp-json\/wp\/v2\/premsa\/353542","targetHints":{"allow":["GET"]}}],"collection":[{"href":"https:\/\/cecot.org\/es\/wp-json\/wp\/v2\/premsa"}],"about":[{"href":"https:\/\/cecot.org\/es\/wp-json\/wp\/v2\/types\/premsa"}],"wp:featuredmedia":[{"embeddable":true,"href":"https:\/\/cecot.org\/es\/wp-json\/wp\/v2\/media\/352565"}],"wp:attachment":[{"href":"https:\/\/cecot.org\/es\/wp-json\/wp\/v2\/media?parent=353542"}],"wp:term":[{"taxonomy":"category","embeddable":true,"href":"https:\/\/cecot.org\/es\/wp-json\/wp\/v2\/categories?post=353542"}],"curies":[{"name":"wp","href":"https:\/\/api.w.org\/{rel}","templated":true}]}}