{"id":311901,"date":"2024-02-22T12:47:00","date_gmt":"2024-02-22T10:47:00","guid":{"rendered":"https:\/\/provacecot.org\/?post_type=premsa&#038;p=311901"},"modified":"2024-11-07T11:37:44","modified_gmt":"2024-11-07T09:37:44","slug":"la-cecot-reforca-el-seu-compromis-amb-el-creixement-economic-sostenible-mitjancant-un-conveni-de-collaboracio-amb-la-fundacio-patrimoni-natural-propiciat-per-lajuntament-de-matadepera","status":"publish","type":"premsa","link":"https:\/\/cecot.org\/es\/premsa\/la-cecot-reforca-el-seu-compromis-amb-el-creixement-economic-sostenible-mitjancant-un-conveni-de-collaboracio-amb-la-fundacio-patrimoni-natural-propiciat-per-lajuntament-de-matadepera\/","title":{"rendered":"La Cecot refor\u00e7a el seu comprom\u00eds amb el creixement econ\u00f2mic sostenible mitjan\u00e7ant un conveni de col\u00b7laboraci\u00f3 amb La Fundaci\u00f3 Patrimoni Natural propiciat per l\u2019Ajuntament de Matadepera"},"content":{"rendered":"\n<blockquote class=\"wp-block-quote is-layout-flow wp-block-quote-is-layout-flow\">\n<p>La patronal Cecot col\u00b7laborar\u00e0 amb l\u2019 Ajuntament de Matadepera i La Fundaci\u00f3 en el seu prop\u00f2sit de preservar i gestionar l&#8217;entorn del Parc Natural de Sant Lloren\u00e7 del Munt i l&#8217;Obac.<\/p>\n<\/blockquote>\n\n\n\n<ul class=\"wp-block-list\">\n<li><strong>Xavier Pan\u00e9s: \u201cCreiem sincerament que des de la Cecot podem ajudar a donar a con\u00e8ixer i promocionar&nbsp; la&nbsp; tasca de preservaci\u00f3 i gesti\u00f3 del medi natural que desenvolupa La Fundaci\u00f3 entre&nbsp; el m\u00f3n empresarial\u201d.<\/strong><\/li>\n\n\n\n<li><strong>Guillem Montagut: \u201cLa Cecot ens pot ajudar a fer aquesta empenta que necessitem perqu\u00e8 La Fundaci\u00f3 es solidifiqui al territori\u201d.<\/strong><\/li>\n<\/ul>\n\n\n\n<p><strong>Terrassa, 16 de febrer de 2024 &#8211;&nbsp;<\/strong>En el marc del comprom\u00eds de la patronal Cecot de vetllar per l\u2019entorn socioecon\u00f2mic on desenvolupa la seva activitat, el president de la patronal, Xavier Pan\u00e9s, i el secretari de La Fundaci\u00f3 Patrimoni Natural de Matadepera, Andreu Alonso, han signat aquest mat\u00ed un conveni de col\u00b7laboraci\u00f3 propiciat per l\u2019alcalde de l\u2019Ajuntament de Matadepera, Guillem Montagut, amb l\u2019objectiu de recolzar el projecte de preservaci\u00f3 i gesti\u00f3 de l\u2019entorn del Parc Natural de Sant Lloren\u00e7 del Munt i l\u2019Obac.<\/p>\n\n\n\n<p>\u201cEn un context d\u2019emerg\u00e8ncia per sequera, com l\u2019actual, la col\u00b7laboraci\u00f3 publicoprivada pot ser un bon aliat per incrementar la seguretat als boscos i ajudar a la prevenci\u00f3 d\u2019incendis\u201d, ha expressat el president de la patronal.<\/p>\n\n\n\n<p>Pan\u00e9s ha subratllat tamb\u00e9 que aquest conveni \u201cva m\u00e9s enll\u00e0 de donar suport a la difusi\u00f3 de l\u2019activitat de La Fundaci\u00f3, sino que tamb\u00e9 va en coher\u00e8ncia amb nosaltres com a patronal i la clara aposta per la descarbonitzaci\u00f3 del nostre teixit productiu i per la sostenibilitat que vam iniciar ja fa molts anys\u201d.&nbsp;&nbsp;&nbsp;<\/p>\n\n\n\n<p>La Cecot ha refor\u00e7at el seu prop\u00f2sit d\u2019impulsar el creixement econ\u00f2mic del teixit empresarial que representa de manera sostenible i de donar compliment als compromisos de l\u2019agenda 2030 amb un nou conveni de col\u00b7laboraci\u00f3 que tamb\u00e9 donar\u00e0 suport de difusi\u00f3 a les accions de solidaritat i benestar social en l\u2019\u00e0mbit de la sostenibilitat i el medi ambient que impulsa La Fundaci\u00f3. En aquest sentit, Pan\u00e9s ha apuntat que, \u201cdonem total suport i col\u00b7laboraci\u00f3 a una entitat que agra\u00efm que existeixi, tant com agra\u00efm la preocupaci\u00f3 que demostra l\u2019Ajuntament de Matadepera i en especial el seu alcalde, Guillem Montagut, qui ha propiciat el fet que avui signem aquest conveni\u201d.<\/p>\n\n\n\n<p>En els darrers anys \u00e9s cada vegada m\u00e9s com\u00fa que les empreses aline\u00efn els seus processos productius amb la corresponsabilitat social i mediambiental, ara b\u00e9, Pan\u00e9s ha manifestat que la preocupaci\u00f3 pel medi ambient no es pot tractar \u201cnom\u00e9s d\u2019una preocupaci\u00f3 i s\u2019ha de transformar en accions concretes, que \u00e9s el que intentem amb aquest conveni\u201d.&nbsp;<\/p>\n\n\n\n<p>En sintonia amb aquestes pr\u00e0ctiques, la Cecot s&#8217;ha posicionat al capdavant en la promoci\u00f3 de la transici\u00f3 energ\u00e8tica dins les empreses, amb un \u00e8mfasi especial en les petites i mitjanes empreses industrials, ajudant-les en el c\u00e0lcul de la petjada de carboni de les seves activitats, la reducci\u00f3 sistem\u00e0tica d&#8217;emissions i la compensaci\u00f3 a trav\u00e9s, per exemple, projectes de reforestaci\u00f3, gesti\u00f3 de boscos o preservaci\u00f3 dels litorals marins.<br>La proposta de col\u00b7laboraci\u00f3 amb La Fundaci\u00f3 pren forma com una extensi\u00f3 natural d&#8217;aquest comprom\u00eds. La seva tasca en projectes de protecci\u00f3 i gesti\u00f3 forestal en un espai com el Parc de Sant Lloren\u00e7 del Munt i l&#8217;Obac pot complementar i inspirar les accions ja posades en marxa per les empreses del territori, creant sinergies que contribueixin de manera efectiva a la preservaci\u00f3 del Parc i a la millora de la seguretat del bosc. Mitjan\u00e7ant aquest conveni, la Cecot es compromet de donar difusi\u00f3 a totes les associades a la patronal de l&#8217;exist\u00e8ncia i objectiu de La Fundaci\u00f3 i posar-les en contacte per tal de realitzar les donacions de fons a l&#8217;entitat, ha explicat el President de la Cecot, &#8220;farem de vehicle i intentarem ser tan eficients com sigui possible&#8221;.<\/p>\n\n\n\n<p>&#8220;El que estem signant avui aqu\u00ed \u00e9s un pas m\u00e9s. Estem molt agra\u00efts a la Cecot i La Fundaci\u00f3\u201d, ha subratllat l&#8217;alcalde de l&#8217;Ajuntament de Matadepera, Guillem Montagut en sintonia amb les declaracions del secretari de la Fundaci\u00f3 Patrimoni Natural Andreu Alonso, qui despr\u00e9s de signar el conveni ha apuntat que &#8220;avui \u00e9s un dia molt important; comen\u00e7a un nou cam\u00ed. La Cecot tindr\u00e0 un paper essencial a l&#8217;hora de fer arribar el nostre missatge a un col\u00b7lectiu tant important com ho son les empreses i les persones que en formen part i \u00e9s important recordar que existeixen beneficis fiscals d\u2019aquestes aportacions tant per les empreses com per als particulars&#8221;.<br>Montagut ha expressat la necessitat d&#8217;aquest front com\u00fa al\u00b7legant que &#8220;la Cecot ens pot ajudar a fer aquesta empenta que necessitem perqu\u00e8 la fundaci\u00f3 se solidifiqui al territori&#8221;.&nbsp;<\/p>\n\n\n\n<p><strong><em>Sobre La Fundaci\u00f3<\/em><\/strong><\/p>\n","protected":false},"excerpt":{"rendered":"<p>La patronal Cecot col\u00b7laborar\u00e0 amb l\u2019 Ajuntament de Matadepera i La Fundaci\u00f3 en el seu prop\u00f2sit de preservar i gestionar l&#8217;entorn del Parc Natural de Sant Lloren\u00e7 del Munt i l&#8217;Obac. Terrassa, 16 de febrer de 2024 &#8211;&nbsp;En el marc del comprom\u00eds de la patronal Cecot de vetllar per l\u2019entorn socioecon\u00f2mic on desenvolupa la seva [&hellip;]<\/p>\n","protected":false},"featured_media":311936,"menu_order":0,"template":"","categories":[407],"class_list":["post-311901","premsa","type-premsa","status-publish","has-post-thumbnail","hentry","category-cecot"],"_links":{"self":[{"href":"https:\/\/cecot.org\/es\/wp-json\/wp\/v2\/premsa\/311901","targetHints":{"allow":["GET"]}}],"collection":[{"href":"https:\/\/cecot.org\/es\/wp-json\/wp\/v2\/premsa"}],"about":[{"href":"https:\/\/cecot.org\/es\/wp-json\/wp\/v2\/types\/premsa"}],"wp:featuredmedia":[{"embeddable":true,"href":"https:\/\/cecot.org\/es\/wp-json\/wp\/v2\/media\/311936"}],"wp:attachment":[{"href":"https:\/\/cecot.org\/es\/wp-json\/wp\/v2\/media?parent=311901"}],"wp:term":[{"taxonomy":"category","embeddable":true,"href":"https:\/\/cecot.org\/es\/wp-json\/wp\/v2\/categories?post=311901"}],"curies":[{"name":"wp","href":"https:\/\/api.w.org\/{rel}","templated":true}]}}