{"id":349305,"date":"2024-11-07T13:28:35","date_gmt":"2024-11-07T11:28:35","guid":{"rendered":"https:\/\/cecot.org\/conoce-la-cecot\/representacion-institucional\/"},"modified":"2026-04-07T08:36:04","modified_gmt":"2026-04-07T06:36:04","slug":"representacion-institucional","status":"publish","type":"page","link":"https:\/\/cecot.org\/es\/conoce-la-cecot\/representacion-institucional\/","title":{"rendered":"Representaci\u00f3n institucional"},"content":{"rendered":"<p>[et_pb_section fb_built=&#8221;1&#8243; custom_padding_last_edited=&#8221;on|tablet&#8221; admin_label=&#8221;Section&#8221; _builder_version=&#8221;4.27.0&#8243; _module_preset=&#8221;default&#8221; use_background_color_gradient=&#8221;on&#8221; background_color_gradient_direction=&#8221;90deg&#8221; background_color_gradient_stops=&#8221;rgba(61,61,61,0.71) 0%|rgba(0,185,233,0.55) 97%&#8221; background_color_gradient_overlays_image=&#8221;on&#8221; background_image=&#8221;https:\/\/cecot.org\/wp-content\/uploads\/2024\/09\/banner-superior-representacio-cecot.png&#8221; custom_margin=&#8221;||||false|false&#8221; custom_margin_tablet=&#8221;||||false|false&#8221; custom_margin_phone=&#8221;||||false|false&#8221; custom_margin_last_edited=&#8221;on|tablet&#8221; custom_padding=&#8221;88px||88px||true|false&#8221; custom_padding_tablet=&#8221;||||false|false&#8221; custom_padding_phone=&#8221;||||false|false&#8221; da_disable_devices=&#8221;off|off|off&#8221; locked=&#8221;off&#8221; global_colors_info=&#8221;{}&#8221; da_is_popup=&#8221;off&#8221; da_exit_intent=&#8221;off&#8221; da_has_close=&#8221;on&#8221; da_alt_close=&#8221;off&#8221; da_dark_close=&#8221;off&#8221; da_not_modal=&#8221;on&#8221; da_is_singular=&#8221;off&#8221; da_with_loader=&#8221;off&#8221; da_has_shadow=&#8221;on&#8221;][et_pb_row _builder_version=&#8221;4.22.1&#8243; _module_preset=&#8221;default&#8221; custom_margin=&#8221;||||true|false&#8221; custom_margin_tablet=&#8221;0px||0px||false|false&#8221; custom_margin_phone=&#8221;||||false|false&#8221; custom_margin_last_edited=&#8221;on|tablet&#8221; custom_padding=&#8221;||||true|false&#8221; global_colors_info=&#8221;{}&#8221;][et_pb_column type=&#8221;4_4&#8243; _builder_version=&#8221;4.22.1&#8243; _module_preset=&#8221;default&#8221; global_colors_info=&#8221;{}&#8221;][et_pb_text content_tablet=&#8221;<\/p>\n<h1>\u00bfTienes esp\u00edritu emprendedor y quieres tener<br \/><span id=%22titular-compliance%22>tu propia empresa?<\/span> Est\u00e1s al lugar indicado<\/h1>\n<p>&#8221; content_phone=&#8221;<\/p>\n<h1>\u00bfTienes esp\u00edritu emprendedor y quieres tener<\/h1>\n<h1><span id=%22titular-compliance%22>tu propia <\/span><\/h1>\n<h1><span id=%22titular-compliance%22>empresa?<\/span><\/h1>\n<h1>Est\u00e1s al lugar indicado<\/h1>\n<p>&#8221; content_last_edited=&#8221;off|desktop&#8221; _builder_version=&#8221;4.27.0&#8243; _module_preset=&#8221;default&#8221; text_text_color=&#8221;#FFFFFF&#8221; header_text_color=&#8221;#FFFFFF&#8221; header_font_size=&#8221;48px&#8221; header_line_height=&#8221;1.4em&#8221; header_2_font=&#8221;Assistant|500|||||||&#8221; header_2_text_color=&#8221;#ffffff&#8221; header_2_font_size=&#8221;25px&#8221; header_2_line_height=&#8221;1.4em&#8221; header_3_text_color=&#8221;#FFFFFF&#8221; header_3_font_size=&#8221;25px&#8221; custom_margin=&#8221;5px||0px||false|false&#8221; header_font_size_tablet=&#8221;48px&#8221; header_font_size_phone=&#8221;42px&#8221; header_font_size_last_edited=&#8221;on|tablet&#8221; global_colors_info=&#8221;{}&#8221;]<\/p>\n<h1>Representaci\u00f3n institucional<\/h1>\n<p>[\/et_pb_text][et_pb_text _builder_version=&#8221;4.27.0&#8243; _module_preset=&#8221;default&#8221; text_text_color=&#8221;#FFFFFF&#8221; header_text_color=&#8221;#FFFFFF&#8221; header_2_font=&#8221;Assistant|500|||||||&#8221; header_2_text_color=&#8221;#ffffff&#8221; header_2_font_size=&#8221;25px&#8221; header_2_line_height=&#8221;1.4em&#8221; header_3_text_color=&#8221;#FFFFFF&#8221; header_3_font_size=&#8221;25px&#8221; global_colors_info=&#8221;{}&#8221;]<\/p>\n<h2>Defensa, representaci\u00f3n y participaci\u00f3n<\/h2>\n<p>[\/et_pb_text][\/et_pb_column][\/et_pb_row][\/et_pb_section][et_pb_section fb_built=&#8221;1&#8243; admin_label=&#8221;Section&#8221; _builder_version=&#8221;4.27.0&#8243; _module_preset=&#8221;default&#8221; custom_padding=&#8221;||||false|false&#8221; da_disable_devices=&#8221;off|off|off&#8221; locked=&#8221;off&#8221; global_colors_info=&#8221;{}&#8221; da_is_popup=&#8221;off&#8221; da_exit_intent=&#8221;off&#8221; da_has_close=&#8221;on&#8221; da_alt_close=&#8221;off&#8221; da_dark_close=&#8221;off&#8221; da_not_modal=&#8221;on&#8221; da_is_singular=&#8221;off&#8221; da_with_loader=&#8221;off&#8221; da_has_shadow=&#8221;on&#8221;][et_pb_row _builder_version=&#8221;4.27.0&#8243; _module_preset=&#8221;default&#8221; max_width=&#8221;1200px&#8221; custom_margin=&#8221;||||false|false&#8221; custom_padding=&#8221;0px||0px||false|false&#8221; global_colors_info=&#8221;{}&#8221;][et_pb_column type=&#8221;4_4&#8243; _builder_version=&#8221;4.27.0&#8243; _module_preset=&#8221;default&#8221; custom_padding=&#8221;||||false|false&#8221; global_colors_info=&#8221;{}&#8221;][et_pb_text _builder_version=&#8221;4.27.0&#8243; _module_preset=&#8221;default&#8221; custom_margin=&#8221;0px||0px||false|false&#8221; custom_padding=&#8221;0px||0px||false|false&#8221; global_colors_info=&#8221;{}&#8221;]<\/p>\n<h2 style=\"text-align: center;\"> \u00c1mbitos de representaci\u00f3n institucional<\/h2>\n<p>La Cecot es una Organizaci\u00f3n Patronal. En Espa\u00f1a, las organizaciones patronales estamos legalmente reconocidas a trav\u00e9s de la Constituci\u00f3n Espa\u00f1ola de 1978 y del Estatuto de los Trabajadores, donde se reconoce expl\u00edcitamente el derecho de los sindicatos y asociaciones empresariales a defender y promover los intereses de los trabajadores y empresarios, respectivamente. Como tal, nuestras dos funciones principales son: la representaci\u00f3n frente a las instituciones p\u00fablicas; y la negociaci\u00f3n colectiva, esto es, la negociaci\u00f3n con los sindicatos para establecer las condiciones laborales, salariales y otros aspectos relacionados con el trabajo. Funci\u00f3n clave para regular las relaciones laborales en los distintos sectores econ\u00f3micos.   <\/p>\n<p>Como organizaci\u00f3n empresarial y comunidad de empresas y profesionales, con los a\u00f1os hemos ido ampliando y complementando nuestra tarea institucional, trabajando tambi\u00e9n para el desarrollo econ\u00f3mico y social de nuestro entorno, en un sentido amplio, y por la defensa y promoci\u00f3n de los intereses de las empresas, emprendedores, trabajadores aut\u00f3nomos y otros trabajadores y profesionales.<\/p>\n<p>A Cecot, desarrollamos una tarea de representaci\u00f3n institucional de forma activa y regular en varias instituciones, p\u00fablicas y privadas, de \u00e1mbito local, auton\u00f3mico e internacional, de entre las cuales destacamos:<\/p>\n<p>[\/et_pb_text][\/et_pb_column][\/et_pb_row][et_pb_row column_structure=&#8221;1_5,1_5,1_5,1_5,1_5&#8243; use_custom_gutter=&#8221;on&#8221; gutter_width=&#8221;1&#8243; _builder_version=&#8221;4.27.2&#8243; _module_preset=&#8221;default&#8221; custom_margin=&#8221;26px||0px||false|false&#8221; custom_padding=&#8221;0px|||||&#8221; global_colors_info=&#8221;{}&#8221;][et_pb_column type=&#8221;1_5&#8243; _builder_version=&#8221;4.22.1&#8243; _module_preset=&#8221;default&#8221; global_colors_info=&#8221;{}&#8221;][et_pb_image src=&#8221;https:\/\/cecot.org\/wp-content\/uploads\/2024\/07\/logos-vectotials_generalitat-de-catalunya.png&#8221; alt=&#8221;logos vectotials generalitat de catalunya&#8221; title_text=&#8221;logos vectotials generalitat de catalunya&#8221; align=&#8221;center&#8221; _builder_version=&#8221;4.27.2&#8243; _module_preset=&#8221;default&#8221; max_width=&#8221;280px&#8221; module_alignment=&#8221;center&#8221; min_height=&#8221;100%&#8221; custom_css_main_element=&#8221;width: 100% !important;||height: 100% !important;&#8221; global_colors_info=&#8221;{}&#8221;][\/et_pb_image][\/et_pb_column][et_pb_column type=&#8221;1_5&#8243; _builder_version=&#8221;4.22.1&#8243; _module_preset=&#8221;default&#8221; global_colors_info=&#8221;{}&#8221;][et_pb_image src=&#8221;https:\/\/cecot.org\/wp-content\/uploads\/2024\/01\/cecot_servei-ocupacio-catalunya.png&#8221; alt=&#8221;logos vectotials generalitat de catalunya&#8221; title_text=&#8221;logos vectotials generalitat de catalunya&#8221; align=&#8221;center&#8221; _builder_version=&#8221;4.27.2&#8243; _module_preset=&#8221;default&#8221; max_width=&#8221;280px&#8221; module_alignment=&#8221;center&#8221; min_height=&#8221;100%&#8221; custom_css_main_element=&#8221;width: 100% !important;||height: 100% !important;&#8221; global_colors_info=&#8221;{}&#8221;][\/et_pb_image][\/et_pb_column][et_pb_column type=&#8221;1_5&#8243; _builder_version=&#8221;4.22.1&#8243; _module_preset=&#8221;default&#8221; global_colors_info=&#8221;{}&#8221;][et_pb_image src=&#8221;https:\/\/cecot.org\/wp-content\/uploads\/2024\/11\/logos-vectotials_crl.png&#8221; alt=&#8221;logos vectotials generalitat de catalunya&#8221; title_text=&#8221;logos vectotials generalitat de catalunya&#8221; align=&#8221;center&#8221; _builder_version=&#8221;4.27.2&#8243; _module_preset=&#8221;default&#8221; max_width=&#8221;280px&#8221; module_alignment=&#8221;center&#8221; min_height=&#8221;100%&#8221; custom_css_main_element=&#8221;width: 100% !important;||height: 100% !important;&#8221; global_colors_info=&#8221;{}&#8221;][\/et_pb_image][\/et_pb_column][et_pb_column type=&#8221;1_5&#8243; _builder_version=&#8221;4.22.1&#8243; _module_preset=&#8221;default&#8221; global_colors_info=&#8221;{}&#8221;][et_pb_image src=&#8221;https:\/\/cecot.org\/wp-content\/uploads\/2024\/11\/logos-vectotialsv2_cfcc.png&#8221; alt=&#8221;logos vectotials generalitat de catalunya&#8221; title_text=&#8221;logos vectotials generalitat de catalunya&#8221; align=&#8221;center&#8221; _builder_version=&#8221;4.27.2&#8243; _module_preset=&#8221;default&#8221; max_width=&#8221;280px&#8221; module_alignment=&#8221;center&#8221; min_height=&#8221;100%&#8221; custom_css_main_element=&#8221;width: 100% !important;||height: 100% !important;&#8221; global_colors_info=&#8221;{}&#8221;][\/et_pb_image][\/et_pb_column][et_pb_column type=&#8221;1_5&#8243; _builder_version=&#8221;4.22.1&#8243; _module_preset=&#8221;default&#8221; global_colors_info=&#8221;{}&#8221;][et_pb_image src=&#8221;https:\/\/cecot.org\/wp-content\/uploads\/2024\/01\/cecot_consell-del-treball-autonom.png&#8221; alt=&#8221;logos vectotials generalitat de catalunya&#8221; title_text=&#8221;logos vectotials generalitat de catalunya&#8221; align=&#8221;center&#8221; _builder_version=&#8221;4.27.2&#8243; _module_preset=&#8221;default&#8221; max_width=&#8221;280px&#8221; module_alignment=&#8221;center&#8221; min_height=&#8221;100%&#8221; custom_css_main_element=&#8221;width: 100% !important;||height: 100% !important;&#8221; global_colors_info=&#8221;{}&#8221;][\/et_pb_image][\/et_pb_column][\/et_pb_row][et_pb_row column_structure=&#8221;1_6,1_6,1_6,1_6,1_6,1_6&#8243; use_custom_gutter=&#8221;on&#8221; gutter_width=&#8221;1&#8243; _builder_version=&#8221;4.27.4&#8243; _module_preset=&#8221;default&#8221; custom_margin=&#8221;0px||||false|false&#8221; custom_padding=&#8221;0px|||||&#8221; global_colors_info=&#8221;{}&#8221;][et_pb_column type=&#8221;1_6&#8243; _builder_version=&#8221;4.22.1&#8243; _module_preset=&#8221;default&#8221; global_colors_info=&#8221;{}&#8221;][et_pb_image src=&#8221;https:\/\/cecot.org\/wp-content\/uploads\/2024\/11\/logos-vectotials_ceoe.png&#8221; alt=&#8221;logos vectotials generalitat de catalunya&#8221; title_text=&#8221;logos vectotials generalitat de catalunya&#8221; align=&#8221;center&#8221; _builder_version=&#8221;4.27.2&#8243; _module_preset=&#8221;default&#8221; max_width=&#8221;280px&#8221; module_alignment=&#8221;center&#8221; min_height=&#8221;100%&#8221; custom_css_main_element=&#8221;width: 100% !important;||height: 100% !important;&#8221; global_colors_info=&#8221;{}&#8221;][\/et_pb_image][\/et_pb_column][et_pb_column type=&#8221;1_6&#8243; _builder_version=&#8221;4.22.1&#8243; _module_preset=&#8221;default&#8221; global_colors_info=&#8221;{}&#8221;][et_pb_image src=&#8221;https:\/\/cecot.org\/wp-content\/uploads\/2024\/11\/logos-vectotials_cepyme.png&#8221; alt=&#8221;logos vectotials generalitat de catalunya&#8221; title_text=&#8221;logos vectotials generalitat de catalunya&#8221; align=&#8221;center&#8221; _builder_version=&#8221;4.27.2&#8243; _module_preset=&#8221;default&#8221; max_width=&#8221;280px&#8221; module_alignment=&#8221;center&#8221; min_height=&#8221;100%&#8221; custom_css_main_element=&#8221;width: 100% !important;||height: 100% !important;&#8221; global_colors_info=&#8221;{}&#8221;][\/et_pb_image][\/et_pb_column][et_pb_column type=&#8221;1_6&#8243; _builder_version=&#8221;4.22.1&#8243; _module_preset=&#8221;default&#8221; global_colors_info=&#8221;{}&#8221;][et_pb_image src=&#8221;https:\/\/cecot.org\/wp-content\/uploads\/2025\/03\/logos-vectorials_ata-autonomos.png&#8221; alt=&#8221;logos vectoriales ata autonomos&#8221; title_text=&#8221;logos vectoriales ata autonomos&#8221; align=&#8221;center&#8221; _builder_version=&#8221;4.27.4&#8243; _module_preset=&#8221;default&#8221; max_width=&#8221;280px&#8221; module_alignment=&#8221;center&#8221; min_height=&#8221;100%&#8221; custom_css_main_element=&#8221;width: 100% !important;||height: 100% !important;&#8221; global_colors_info=&#8221;{}&#8221;][\/et_pb_image][\/et_pb_column][et_pb_column type=&#8221;1_6&#8243; _builder_version=&#8221;4.22.1&#8243; _module_preset=&#8221;default&#8221; global_colors_info=&#8221;{}&#8221;][et_pb_image src=&#8221;https:\/\/cecot.org\/wp-content\/uploads\/2024\/11\/logos-vectotials_foment-treball_foment-treball.png&#8221; alt=&#8221;logos vectotials generalitat de catalunya&#8221; title_text=&#8221;logos vectotials generalitat de catalunya&#8221; align=&#8221;center&#8221; _builder_version=&#8221;4.27.2&#8243; _module_preset=&#8221;default&#8221; max_width=&#8221;280px&#8221; module_alignment=&#8221;center&#8221; min_height=&#8221;100%&#8221; custom_css_main_element=&#8221;width: 100% !important;||height: 100% !important;&#8221; global_colors_info=&#8221;{}&#8221;][\/et_pb_image][\/et_pb_column][et_pb_column type=&#8221;1_6&#8243; _builder_version=&#8221;4.22.1&#8243; _module_preset=&#8221;default&#8221; global_colors_info=&#8221;{}&#8221;][et_pb_image src=&#8221;https:\/\/cecot.org\/wp-content\/uploads\/2024\/11\/logos-vectotials_leitat.png&#8221; alt=&#8221;logos vectotials generalitat de catalunya&#8221; title_text=&#8221;logos vectotials generalitat de catalunya&#8221; align=&#8221;center&#8221; _builder_version=&#8221;4.27.2&#8243; _module_preset=&#8221;default&#8221; max_width=&#8221;280px&#8221; module_alignment=&#8221;center&#8221; min_height=&#8221;100%&#8221; custom_css_main_element=&#8221;width: 100% !important;||height: 100% !important;&#8221; global_colors_info=&#8221;{}&#8221;][\/et_pb_image][\/et_pb_column][et_pb_column type=&#8221;1_6&#8243; _builder_version=&#8221;4.22.1&#8243; _module_preset=&#8221;default&#8221; global_colors_info=&#8221;{}&#8221;][et_pb_image src=&#8221;https:\/\/cecot.org\/wp-content\/uploads\/2024\/01\/cecot_cambr-comerc-terrassa.png&#8221; alt=&#8221;logos vectotials generalitat de catalunya&#8221; title_text=&#8221;logos vectotials generalitat de catalunya&#8221; align=&#8221;center&#8221; _builder_version=&#8221;4.27.2&#8243; _module_preset=&#8221;default&#8221; max_width=&#8221;280px&#8221; module_alignment=&#8221;center&#8221; min_height=&#8221;100%&#8221; custom_css_main_element=&#8221;width: 100% !important;||height: 100% !important;&#8221; global_colors_info=&#8221;{}&#8221;][\/et_pb_image][\/et_pb_column][\/et_pb_row][et_pb_row column_structure=&#8221;1_5,1_5,1_5,1_5,1_5&#8243; use_custom_gutter=&#8221;on&#8221; gutter_width=&#8221;1&#8243; _builder_version=&#8221;4.27.4&#8243; _module_preset=&#8221;default&#8221; custom_padding=&#8221;1px|||||&#8221; global_colors_info=&#8221;{}&#8221;][et_pb_column type=&#8221;1_5&#8243; _builder_version=&#8221;4.23.4&#8243; _module_preset=&#8221;default&#8221; global_colors_info=&#8221;{}&#8221;][et_pb_image src=&#8221;https:\/\/cecot.org\/wp-content\/uploads\/2025\/01\/logos-vectorials_fera-png.webp&#8221; alt=&#8221;logos vectoriales fiera&#8221; title_text=&#8221;logos vectoriales fiera&#8221; align=&#8221;center&#8221; _builder_version=&#8221;4.27.4&#8243; _module_preset=&#8221;default&#8221; max_width=&#8221;280px&#8221; module_alignment=&#8221;center&#8221; min_height=&#8221;100%&#8221; custom_css_main_element=&#8221;width: 100% !important;||height: 100% !important;&#8221; global_colors_info=&#8221;{}&#8221;][\/et_pb_image][\/et_pb_column][et_pb_column type=&#8221;1_5&#8243; _builder_version=&#8221;4.23.4&#8243; _module_preset=&#8221;default&#8221; global_colors_info=&#8221;{}&#8221;][et_pb_image src=&#8221;https:\/\/cecot.org\/wp-content\/uploads\/2024\/11\/logos-vectotials_lafact-png.webp&#8221; alt=&#8221;logos vectotiales lafact&#8221; title_text=&#8221;logos vectotiales lafact&#8221; align=&#8221;center&#8221; _builder_version=&#8221;4.27.2&#8243; _module_preset=&#8221;default&#8221; max_width=&#8221;280px&#8221; module_alignment=&#8221;center&#8221; min_height=&#8221;100%&#8221; custom_css_main_element=&#8221;width: 100% !important;||height: 100% !important;&#8221; global_colors_info=&#8221;{}&#8221;][\/et_pb_image][\/et_pb_column][et_pb_column type=&#8221;1_5&#8243; _builder_version=&#8221;4.22.1&#8243; _module_preset=&#8221;default&#8221; global_colors_info=&#8221;{}&#8221;][et_pb_image src=&#8221;https:\/\/cecot.org\/wp-content\/uploads\/2024\/11\/logos-vectotials_transeo.png&#8221; alt=&#8221;logos vectotials generalitat de catalunya&#8221; title_text=&#8221;logos vectotials generalitat de catalunya&#8221; align=&#8221;center&#8221; _builder_version=&#8221;4.27.2&#8243; _module_preset=&#8221;default&#8221; max_width=&#8221;280px&#8221; module_alignment=&#8221;center&#8221; min_height=&#8221;100%&#8221; custom_css_main_element=&#8221;width: 100% !important;||height: 100% !important;&#8221; global_colors_info=&#8221;{}&#8221;][\/et_pb_image][\/et_pb_column][et_pb_column type=&#8221;1_5&#8243; _builder_version=&#8221;4.27.2&#8243; _module_preset=&#8221;default&#8221; global_colors_info=&#8221;{}&#8221;][et_pb_image src=&#8221;https:\/\/cecot.org\/wp-content\/uploads\/2024\/01\/cecot_eban.png&#8221; alt=&#8221;logos vectotials generalitat de catalunya&#8221; title_text=&#8221;logos vectotials generalitat de catalunya&#8221; align=&#8221;center&#8221; _builder_version=&#8221;4.27.2&#8243; _module_preset=&#8221;default&#8221; max_width=&#8221;280px&#8221; module_alignment=&#8221;center&#8221; min_height=&#8221;100%&#8221; custom_css_main_element=&#8221;width: 100% !important;||height: 100% !important;&#8221; global_colors_info=&#8221;{}&#8221;][\/et_pb_image][\/et_pb_column][et_pb_column type=&#8221;1_5&#8243; _builder_version=&#8221;4.22.1&#8243; _module_preset=&#8221;default&#8221; global_colors_info=&#8221;{}&#8221;][et_pb_image src=&#8221;https:\/\/cecot.org\/wp-content\/uploads\/2024\/11\/logos-vectotials_early-warning-europe.png&#8221; alt=&#8221;logos vectotials generalitat de catalunya&#8221; title_text=&#8221;logos vectotials generalitat de catalunya&#8221; align=&#8221;center&#8221; _builder_version=&#8221;4.27.2&#8243; _module_preset=&#8221;default&#8221; max_width=&#8221;280px&#8221; module_alignment=&#8221;center&#8221; min_height=&#8221;100%&#8221; custom_css_main_element=&#8221;width: 100% !important;||height: 100% !important;&#8221; global_colors_info=&#8221;{}&#8221;][\/et_pb_image][\/et_pb_column][\/et_pb_row][et_pb_row _builder_version=&#8221;4.27.0&#8243; _module_preset=&#8221;default&#8221; max_width=&#8221;1200px&#8221; custom_padding=&#8221;0px||||false|false&#8221; collapsed=&#8221;on&#8221; global_colors_info=&#8221;{}&#8221;][et_pb_column type=&#8221;4_4&#8243; _builder_version=&#8221;4.27.0&#8243; _module_preset=&#8221;default&#8221; global_colors_info=&#8221;{}&#8221;][et_pb_toggle title=&#8221;Entitats&#8221; open=&#8221;on&#8221; open_toggle_text_color=&#8221;#3D3D3D&#8221; open_toggle_background_color=&#8221;RGBA(255,255,255,0)&#8221; closed_toggle_background_color=&#8221;RGBA(255,255,255,0)&#8221; icon_color=&#8221;#3D3D3D&#8221; toggle_icon=&#8221;&#x33;||divi||400&#8243; use_icon_font_size=&#8221;on&#8221; icon_font_size=&#8221;24px&#8221; open_icon_color=&#8221;#3D3D3D&#8221; open_toggle_icon=&#8221;&#x32;||divi||400&#8243; open_use_icon_font_size=&#8221;on&#8221; open_icon_font_size=&#8221;24px&#8221; _builder_version=&#8221;4.27.6&#8243; _module_preset=&#8221;default&#8221; title_text_color=&#8221;#3D3D3D&#8221; title_level=&#8221;h2&#8243; body_font_size=&#8221;20px&#8221; body_ul_type=&#8221;none&#8221; body_ul_item_indent=&#8221;1px&#8221; body_ul_line_height=&#8221;1.6em&#8221; custom_margin=&#8221;||0px||false|false&#8221; custom_padding=&#8221;|0px||0px|false|true&#8221; hover_enabled=&#8221;0&#8243; custom_css_free_form=&#8221;.llista-representacio li {||  padding: 8px 15px;||||}||||.llista-representacio li:nth-child(odd) {||   background-color: #f5f5f5;||}||||.llista-representacio li:nth-child(odd):hover{||    background-color: #e1e1e1;||}||||.llista-representacio li:nth-child(even):hover{||    background-color: #00b9e92e;||}&#8221; border_width_all=&#8221;0px&#8221; border_width_bottom=&#8221;1px&#8221; global_colors_info=&#8221;{}&#8221; sticky_enabled=&#8221;0&#8243;]<\/p>\n<ul class=\"llista-representacio\">\n<li>Vicepresidencia, Comit\u00e9 Ejecutivo y Junta Directiva de Fomento del Trabajo Nacional.<\/li>\n<li>Vicepresid\u00e8ncia del Consell de Territorial de la Pime de Catalunya.<\/li>\n<li>Junta Directiva de la Confederaci\u00f3n Espa\u00f1ola de Organizaciones Empresariales (CEOE).<\/li>\n<li>Junta Directiva de la Confederaci\u00f3n Espa\u00f1ola de la Pyme (CEPYME).<\/li>\n<li>Junta directiva de la Asociaci\u00f3n de Trabajadores Aut\u00f3nomos (ATA)<\/li>\n<li>Junta Directiva de la Confederaci\u00f3n Espa\u00f1ola del Metal (CONFEMETAL).<\/li>\n<li>Membre del Ple de la Cambra de Comer\u00e7 i Ind\u00fastria de Terrassa.<\/li>\n<li>Junta Directiva del Centre Tecnol\u00f2gic LEITAT.<\/li>\n<li>Miembros del Foro de Entidades para la Reforma de la Administraci\u00f3n (FERA)<\/li>\n<li>Junta Directiva de Transeo \u2013 Bussiness Transfer Association (Europa).<\/li>\n<li>Junta Directiva de l\u2019European Business Angels Association (EBAN).<\/li>\n<li data-ogsc=\"red\"><span>Junta Directiva de la Early Warning Europe Association (EWE).<\/span><\/li>\n<li>Presid\u00e8ncia de FemVall\u00e8s.<\/li>\n<li>Membres de l\u2019Observatori dels Sistemes Europeus de Previsi\u00f3 Social Complement\u00e0ria.<\/li>\n<li>Comissi\u00f3 de Control i Seguiment d\u2019Egarsat.<\/li>\n<li>Membre del Patronat de la Fundaci\u00f3 Especial Antiga Caixa Terrassa.<\/li>\n<li>Membre del Patronat de la Fundaci\u00f3 Antigues Caixes Catalanes.<\/li>\n<li>Consell Assessor de Respon.cat<\/li>\n<li>Consell Plenari de l\u2019Associaci\u00f3 \u00c0mbit B30.<\/li>\n<li>Comissi\u00f3 T\u00e8cnica del Hub B30<\/li>\n<li>\u00d2rgan Consultiu del Consell de Formaci\u00f3 i Ocupaci\u00f3 del Col\u00b7legi d\u2019Enginyers Industrials de Catalunya<\/li>\n<li>Representant al Consell Territorial de Dones d\u2019Empresa de Catalunya.<\/li>\n<\/ul>\n<p>[\/et_pb_toggle][et_pb_toggle title=&#8221;Generalitat de Catalunya&#8221; open=&#8221;on&#8221; open_toggle_text_color=&#8221;#3D3D3D&#8221; open_toggle_background_color=&#8221;RGBA(255,255,255,0)&#8221; closed_toggle_background_color=&#8221;RGBA(255,255,255,0)&#8221; icon_color=&#8221;#3D3D3D&#8221; toggle_icon=&#8221;&#x33;||divi||400&#8243; use_icon_font_size=&#8221;on&#8221; icon_font_size=&#8221;24px&#8221; open_icon_color=&#8221;#3D3D3D&#8221; open_toggle_icon=&#8221;&#x32;||divi||400&#8243; open_use_icon_font_size=&#8221;on&#8221; open_icon_font_size=&#8221;24px&#8221; _builder_version=&#8221;4.27.4&#8243; _module_preset=&#8221;default&#8221; title_text_color=&#8221;#3D3D3D&#8221; title_level=&#8221;h2&#8243; body_font_size=&#8221;20px&#8221; body_ul_type=&#8221;none&#8221; body_ul_item_indent=&#8221;1px&#8221; body_ul_line_height=&#8221;1.6em&#8221; custom_margin=&#8221;||0px||false|false&#8221; custom_padding=&#8221;|0px||0px|false|true&#8221; custom_css_free_form=&#8221;.llista-representacio li {||  padding: 8px 15px;||||}||||.llista-representacio li:nth-child(odd) {||   background-color: #f5f5f5;||}||||.llista-representacio li:nth-child(odd):hover{||    background-color: #e1e1e1;||}||||.llista-representacio li:nth-child(even):hover{||    background-color: #00b9e92e;||}&#8221; border_width_all=&#8221;0px&#8221; border_width_bottom=&#8221;1px&#8221; global_colors_info=&#8221;{}&#8221;]<\/p>\n<ul class=\"llista-representacio\">\n<li><span>Consell de Direcci\u00f3 del Servei d\u2019Ocupaci\u00f3 de Catalunya (SOC).<\/span><\/li>\n<li class=\"x_MsoListParagraph\"><span>Consell Territorial de Barcelona del Servei d\u2019Ocupaci\u00f3 de Catalunya (SOC).<\/span><\/li>\n<li class=\"x_MsoListParagraph\"><span>Consell Territorial del Vall\u00e8s del Servei d\u2019Ocupaci\u00f3 de Catalunya (SOC).<\/span><\/li>\n<li class=\"x_MsoListParagraph\"><span>Consell de Relacions Laborals de Catalunya.<\/span><\/li>\n<li class=\"x_MsoListParagraph\"><span>Consell General del Consorci per la Formaci\u00f3 Cont\u00ednua de Catalunya.<\/span><\/li>\n<li class=\"x_MsoListParagraph\"><span>Consell del Treball Aut\u00f2nom de Catalunya (Autcat)<\/span><\/li>\n<li class=\"x_MsoListParagraph\"><span>Consell Assessor de la Comissi\u00f3 Facilitaci\u00f3 Activitat Econ\u00f2mica.<\/span><\/li>\n<li class=\"x_MsoListParagraph\"><span>Comissi\u00f3 d&#8217;Experts per a la Definici\u00f3 de l&#8217;Estrat\u00e8gia de Transformaci\u00f3 de l&#8217;Administraci\u00f3 de la Generalitat de Catalunya i la Millora dels Serveis P\u00fablics. (CETRA)<\/span><\/li>\n<li class=\"x_MsoListParagraph\"><span>Consell de Formaci\u00f3 i Qualificaci\u00f3 Professionals de Catalunya.<\/span><\/li>\n<li class=\"x_MsoListParagraph\"><span>Consell Assessor en mat\u00e8ria de comer\u00e7.<\/span><\/li>\n<li class=\"x_MsoListParagraph\"><span>Consell Catal\u00e0 de l\u2019Empresa.<\/span><\/li>\n<li class=\"x_MsoListParagraph\"><span>Consell Executiu d\u2019Agents de Suport a la Internacionalitzaci\u00f3.<\/span><\/li>\n<li class=\"x_MsoListParagraph\"><span>Consell d\u2019Acci\u00f3 Exterior i Relacions amb la Uni\u00f3 Europea.<\/span><\/li>\n<li class=\"x_MsoListParagraph\"><span>Consell General del Consorci per a la Formaci\u00f3 Cont\u00ednua de Catalunya.<\/span><\/li>\n<li class=\"x_MsoListParagraph\"><span>Consell Territorial de Barcelona Pacte Nacional per a la Universitat.<\/span><\/li>\n<li class=\"x_MsoListParagraph\"><span>Pla Finestra \u00danica Empresarial.<\/span><\/li>\n<li class=\"x_MsoListParagraph\"><span>Pacte Nacional per a la Immigraci\u00f3.<\/span><\/li>\n<li class=\"x_MsoListParagraph\"><span>Consell Assessor de l\u2019ICAEN.<\/span><\/li>\n<li class=\"x_MsoListParagraph\"><span>Cimera Catalana d&#8217;Acci\u00f3 Clim\u00e0tica.<\/span><\/li>\n<li class=\"x_MsoListParagraph\"><span>Comissi\u00f3 motora de l\u2019Agenda Rural de Catalunya.<\/span><\/li>\n<li class=\"x_MsoListParagraph\"><span>Pacte Nacional per la Transici\u00f3 Energ\u00e8tica.<\/span><\/li>\n<li class=\"x_MsoListParagraph\"><span>Taula de Di\u00e0leg Social de les Energies Renovables.<\/span><\/li>\n<li class=\"x_MsoListParagraph\"><span>Taula Nacional de l\u2019Aigua.<\/span><\/li>\n<li class=\"x_MsoListParagraph\"><span>Membre del Pacte Nacional per la Just\u00edcia.<\/span><\/li>\n<li class=\"x_MsoListParagraph\">\n<p class=\"x_MsoNormal\"><span lang=\"CA\" data-olk-copy-source=\"MessageBody\">Comissi\u00f3 per a l\u2019Erradicaci\u00f3 de l\u2019Amiant a Catalunya.<\/span><\/p>\n<\/li>\n<li class=\"x_MsoListParagraph\">\n<p class=\"x_MsoNormal\"><span lang=\"CA\" data-olk-copy-source=\"MessageBody\"><\/span><span lang=\"CA\">Consell Formaci\u00f3 i Empresa del departament d\u2019Educaci\u00f3 i Formaci\u00f3 Professional.<\/span><\/p>\n<\/li>\n<\/ul>\n<p>[\/et_pb_toggle][et_pb_toggle title=&#8221;\u00c0mbit Local&#8221; open=&#8221;on&#8221; open_toggle_text_color=&#8221;#3D3D3D&#8221; open_toggle_background_color=&#8221;RGBA(255,255,255,0)&#8221; closed_toggle_background_color=&#8221;RGBA(255,255,255,0)&#8221; icon_color=&#8221;#3D3D3D&#8221; toggle_icon=&#8221;&#x33;||divi||400&#8243; use_icon_font_size=&#8221;on&#8221; icon_font_size=&#8221;24px&#8221; open_icon_color=&#8221;#3D3D3D&#8221; open_toggle_icon=&#8221;&#x32;||divi||400&#8243; open_use_icon_font_size=&#8221;on&#8221; open_icon_font_size=&#8221;24px&#8221; _builder_version=&#8221;4.27.4&#8243; _module_preset=&#8221;default&#8221; title_text_color=&#8221;#3D3D3D&#8221; title_level=&#8221;h2&#8243; body_font_size=&#8221;20px&#8221; body_ul_type=&#8221;none&#8221; body_ul_item_indent=&#8221;1px&#8221; body_ul_line_height=&#8221;1.6em&#8221; custom_margin=&#8221;||||false|false&#8221; custom_padding=&#8221;|0px||0px|false|true&#8221; custom_css_free_form=&#8221;.llista-representacio li {||  padding: 8px 15px;||||}||||.llista-representacio li:nth-child(odd) {||   background-color: #f5f5f5;||}||||.llista-representacio li:nth-child(odd):hover{||    background-color: #e1e1e1;||}||||.llista-representacio li:nth-child(even):hover{||    background-color: #00b9e92e;||}&#8221; border_width_all=&#8221;0px&#8221; border_width_bottom=&#8221;1px&#8221; global_colors_info=&#8221;{}&#8221;]<\/p>\n<ul class=\"llista-representacio\">\n<li><span>Pacte per la Ocupaci\u00f3 de Terrassa.<\/span><\/li>\n<li class=\"x_MsoListParagraph\"><span>Pacte per la Ocupaci\u00f3 de Sant Cugat del Vall\u00e8s.<\/span><\/li>\n<li class=\"x_MsoListParagraph\"><span>Comissi\u00f3 Permanent Pacte per l&#8217;Ocupaci\u00f3 del Vall\u00e8s Occidental.<\/span><\/li>\n<li class=\"x_MsoListParagraph\"><span>Comit\u00e8 Executiu del Pacte Industrial de la Regi\u00f3 Metropolitana de Barcelona.<\/span><\/li>\n<li class=\"x_MsoListParagraph\"><span>Comissionat d\u2019economia social, desenvolupament local i consum de l\u2019Ajuntament de Barcelona.<\/span><\/li>\n<li class=\"x_MsoListParagraph\"><span>Taula de contractaci\u00f3 p\u00fablica de l\u2019Ajuntament de Barcelona.<\/span><\/li>\n<li class=\"x_MsoListParagraph\"><span>Consell d\u2019Administraci\u00f3 de Prointesa.<\/span><\/li>\n<li class=\"x_MsoListParagraph\"><span>Membre del Consell d&#8217;Administraci\u00f3 d\u2019Aig\u00fces de Terrassa.<\/span><\/li>\n<li class=\"x_MsoListParagraph\"><span>Taula Local de Comer\u00e7 de Terrassa.<\/span><\/li>\n<li class=\"x_MsoListParagraph\"><span>Consell de Comer\u00e7 i Turisme de l\u2019Ajuntament de Terrassa.<\/span><\/li>\n<li class=\"x_MsoListParagraph\"><span>Consell de la Formaci\u00f3 Professional de Terrassa.<\/span><\/li>\n<li class=\"x_MsoListParagraph\"><span>Comissi\u00f3 Pla estrat\u00e8gic de l\u2019economia social i solid\u00e0ria de l\u2019Ajuntament de Terrassa.<\/span><\/li>\n<li class=\"x_MsoListParagraph\"><span>Entitat Cooperant de la Cambra de la Propietat Urbana de Terrassa i Comarca.<\/span><\/li>\n<li class=\"x_MsoListParagraph\"><span>Junta Arbitral del Consum de Terrassa.<\/span><\/li>\n<li class=\"x_MsoListParagraph\"><span>Comissi\u00f3 Local de Protecci\u00f3 Civil de l\u2019Ajuntament de Terrassa.<\/span><\/li>\n<li class=\"x_MsoListParagraph\"><span>Comissi\u00f3 Terrassa preparada i resilient de l\u2019Ajuntament de Terrassa.<\/span><\/li>\n<li class=\"x_MsoListParagraph\"><span>Consell Municipal de Medi Ambient de l\u2019Ajuntament de Terrassa.<\/span><\/li>\n<li class=\"x_MsoListParagraph\"><span>Consell Municipal de l\u2019Habitatge de Terrassa.<\/span><\/li>\n<li class=\"x_MsoListParagraph\"><span>Consell Municipal de Seguretat de Terrassa.<\/span><\/li>\n<li class=\"x_MsoListParagraph\"><span>Consell Universitari de Terrassa.<\/span><\/li>\n<li class=\"x_MsoListParagraph\"><span>Consell per la Igualtat de Terrassa.<\/span><\/li>\n<li class=\"x_MsoListParagraph\"><span>Consell d&#8217;Economia Social i Solid\u00e0ria de Terrassa.<\/span><\/li>\n<li class=\"x_MsoListParagraph\"><span>Grup Impulsor dels Premis a les Noves i Nous Professionals.<\/span><\/li>\n<li class=\"x_MsoListParagraph\"><span>Observatori de l\u2019Aigua de Terrassa.<\/span><\/li>\n<li class=\"x_MsoListParagraph\"><span>Pacte per a l&#8217;Emancipaci\u00f3 Juvenil de Terrassa.<\/span><\/li>\n<li class=\"x_MsoListParagraph\"><span>Plataforma Innointegra de Terrassa.<\/span><\/li>\n<li class=\"x_MsoListParagraph\"><span>Taula Mobilitat de Terrassa.<\/span><\/li>\n<li class=\"x_MsoListParagraph\"><span>Consell de la Formaci\u00f3 Professional de Rub\u00ed.<\/span><\/li>\n<li class=\"x_MsoListParagraph\"><span>Taula de la competitivitat Industrial de Rub\u00ed (TCIR).<\/span><\/li>\n<li class=\"x_MsoListParagraph\"><span>Pacte per la Reindustrialitzaci\u00f3 del Vall\u00e8s Occidental.<\/span><\/li>\n<li class=\"x_MsoListParagraph\"><span>Comissi\u00f3 directora de la Mesa per la Formaci\u00f3 pel Treball del Vall\u00e8s Occidental.<\/span><\/li>\n<li class=\"x_MsoListParagraph\"><span>Consell sectorial i impuls de la Formaci\u00f3 de Sant Cugat del Vall\u00e8s.<\/span><\/li>\n<li class=\"x_MsoListParagraph\">\n<p class=\"x_MsoNormal\"><span lang=\"CA\" data-olk-copy-source=\"MessageBody\">Taula per a l\u2019erradicaci\u00f3 de l\u2019amiant a Terrassa.<\/span><\/p>\n<\/li>\n<li class=\"x_MsoListParagraph\">\n<p class=\"x_MsoNormal\"><span lang=\"CA\" data-olk-copy-source=\"MessageBody\"><\/span><span lang=\"CA\">Consell de la Formaci\u00f3 Professional de Terrassa.<\/span><\/p>\n<\/li>\n<li class=\"x_MsoListParagraph\">\n<p class=\"x_MsoNormal\"><span lang=\"CA\"><\/span><span lang=\"CA\">Consell Universitari de Terrassa.<\/span><\/p>\n<\/li>\n<li class=\"x_MsoListParagraph\">\n<p class=\"x_MsoNormal\"><span lang=\"CA\"><\/span><span lang=\"CA\">Pla director de Pol\u00edgons.<\/span><\/p>\n<\/li>\n<li class=\"x_MsoListParagraph\">\n<p class=\"x_MsoNormal\"><span lang=\"CA\"><\/span><span lang=\"CA\">Pla director de Comer\u00e7.<\/span><\/p>\n<\/li>\n<li class=\"x_MsoListParagraph\">\n<p class=\"x_MsoNormal\"><span lang=\"CA\"><\/span><span lang=\"CA\">Grup impulsor Ind\u00fastria i Innovaci\u00f3 del Consell Comarcal del Vall\u00e8s Occidental.<\/span><\/p>\n<\/li>\n<li class=\"x_MsoListParagraph\">\n<p class=\"x_MsoNormal\"><span lang=\"CA\"><\/span><span lang=\"CA\">Vall\u00e8s Circular | Xarxa d&#8217;Entitats per a l&#8217;impuls de l&#8217;economia circular al Vall\u00e8s Occidental.<\/span><\/p>\n<\/li>\n<li class=\"x_MsoListParagraph\">\n<p class=\"x_MsoNormal\"><span lang=\"CA\"><\/span><span lang=\"CA\">Consell de la Formaci\u00f3 Professional de Barcelona.<\/span><\/p>\n<\/li>\n<\/ul>\n<p>[\/et_pb_toggle][\/et_pb_column][\/et_pb_row][\/et_pb_section]<\/p>\n","protected":false},"excerpt":{"rendered":"<p>Representaci\u00f3n institucionalDefensa, representaci\u00f3n y participaci\u00f3n \u00c1mbitos de representaci\u00f3n institucional La Cecot es una Organizaci\u00f3n Patronal. En Espa\u00f1a, las organizaciones patronales estamos legalmente reconocidas a trav\u00e9s de la Constituci\u00f3n Espa\u00f1ola de 1978 y del Estatuto de los Trabajadores, donde se reconoce expl\u00edcitamente el derecho de los sindicatos y asociaciones empresariales a defender y promover los intereses [&hellip;]<\/p>\n","protected":false},"author":4,"featured_media":0,"parent":342109,"menu_order":0,"comment_status":"closed","ping_status":"closed","template":"","meta":{"_seopress_robots_primary_cat":"","_seopress_titles_title":"","_seopress_titles_desc":"Cecot participa activamente en instituciones y organismos para defender los intereses empresariales.","_seopress_robots_index":"","_et_pb_use_builder":"on","_et_pb_old_content":"","_et_gb_content_width":"","footnotes":""},"categoria":[],"class_list":["post-349305","page","type-page","status-publish","hentry"],"_links":{"self":[{"href":"https:\/\/cecot.org\/es\/wp-json\/wp\/v2\/pages\/349305","targetHints":{"allow":["GET"]}}],"collection":[{"href":"https:\/\/cecot.org\/es\/wp-json\/wp\/v2\/pages"}],"about":[{"href":"https:\/\/cecot.org\/es\/wp-json\/wp\/v2\/types\/page"}],"author":[{"embeddable":true,"href":"https:\/\/cecot.org\/es\/wp-json\/wp\/v2\/users\/4"}],"replies":[{"embeddable":true,"href":"https:\/\/cecot.org\/es\/wp-json\/wp\/v2\/comments?post=349305"}],"version-history":[{"count":26,"href":"https:\/\/cecot.org\/es\/wp-json\/wp\/v2\/pages\/349305\/revisions"}],"predecessor-version":[{"id":387093,"href":"https:\/\/cecot.org\/es\/wp-json\/wp\/v2\/pages\/349305\/revisions\/387093"}],"up":[{"embeddable":true,"href":"https:\/\/cecot.org\/es\/wp-json\/wp\/v2\/pages\/342109"}],"wp:attachment":[{"href":"https:\/\/cecot.org\/es\/wp-json\/wp\/v2\/media?parent=349305"}],"wp:term":[{"taxonomy":"categoria","embeddable":true,"href":"https:\/\/cecot.org\/es\/wp-json\/wp\/v2\/categoria?post=349305"}],"curies":[{"name":"wp","href":"https:\/\/api.w.org\/{rel}","templated":true}]}}