{"id":363266,"date":"2025-04-24T11:36:28","date_gmt":"2025-04-24T09:36:28","guid":{"rendered":"https:\/\/cecot.org\/?post_type=esdeveniment&#038;p=363266"},"modified":"2025-05-21T16:11:51","modified_gmt":"2025-05-21T14:11:51","slug":"el-futur-de-la-industria-a-catalunya-una-mirada-estrategica-als-reptes-i-oportunitats-del-nostre-teixit-productiu","status":"publish","type":"esdeveniment","link":"https:\/\/cecot.org\/es\/esdeveniment\/el-futur-de-la-industria-a-catalunya-una-mirada-estrategica-als-reptes-i-oportunitats-del-nostre-teixit-productiu\/","title":{"rendered":"El Futur de la Ind\u00fastria de Catalunya es debat a Manresa"},"content":{"rendered":"\n<h2 class=\"wp-block-heading\">Una mirada estrat\u00e8gica als reptes i oportunitats del nostre teixit productiu<\/h2>\n\n\n\n<p>La ind\u00fastria catalana es troba en un moment de grans reptes i transformacions. La globalitzaci\u00f3, la transici\u00f3 energ\u00e8tica, la digitalitzaci\u00f3 i l\u2019actual context geopol\u00edtic s\u00f3n factors que impacten directament en la competitivitat del nostre teixit productiu. La Comissi\u00f3 d\u2019Ind\u00fastria de la Cecot organitza una sessi\u00f3 clau per reflexionar sobre el present i el futur del sector industrial catal\u00e0, un motor essencial de la nostra economia. L\u2019acte ser\u00e0 inaugurat per l\u2019Il\u00b7lustr\u00edssim alcalde de Manresa, Marc Aloy, i pel president de la Cecot, Xavier Pan\u00e9s.<\/p>\n\n\n\n<p>El reconegut economista Miquel Puig Raposo ens oferir\u00e0 una confer\u00e8ncia inspiradora que abordar\u00e0 tres claus per entendre el moment industrial actual:<\/p>\n\n\n\n<ul class=\"wp-block-list\">\n<li>La l\u00f2gica de les decisions de Trump i el seu impacte global.<\/li>\n\n\n\n<li>Els interrogants sobre l\u2019electrificaci\u00f3 del vehicle i el paper creixent de la connectivitat.<\/li>\n\n\n\n<li>La demografia com a nou vector de pressi\u00f3: escassetat de talent qualificat.<\/li>\n<\/ul>\n\n\n\n<p>A m\u00e9s, l\u2019acte inclour\u00e0 una taula rodona amb empresaris i empres\u00e0ries del territori, moderada pel secretari general de la Cecot, Oriol Alba, on s\u2019abordar\u00e0 com les empreses estan adaptant-se a aquests canvis i quines estrat\u00e8gies estan desplegant per refor\u00e7ar la seva competitivitat.<\/p>\n\n\n\n<p><a href=\"https:\/\/cecot.org\/trobada-industria\/\" data-type=\"link\" data-id=\"https:\/\/cecot.org\/trobada-industria\/\"><strong>M\u00e9s informaci\u00f3<\/strong><\/a><\/p>\n","protected":false},"featured_media":363333,"menu_order":0,"template":"","categories":[],"class_list":["post-363266","esdeveniment","type-esdeveniment","status-publish","has-post-thumbnail","hentry"],"_links":{"self":[{"href":"https:\/\/cecot.org\/es\/wp-json\/wp\/v2\/esdeveniment\/363266","targetHints":{"allow":["GET"]}}],"collection":[{"href":"https:\/\/cecot.org\/es\/wp-json\/wp\/v2\/esdeveniment"}],"about":[{"href":"https:\/\/cecot.org\/es\/wp-json\/wp\/v2\/types\/esdeveniment"}],"wp:featuredmedia":[{"embeddable":true,"href":"https:\/\/cecot.org\/es\/wp-json\/wp\/v2\/media\/363333"}],"wp:attachment":[{"href":"https:\/\/cecot.org\/es\/wp-json\/wp\/v2\/media?parent=363266"}],"wp:term":[{"taxonomy":"category","embeddable":true,"href":"https:\/\/cecot.org\/es\/wp-json\/wp\/v2\/categories?post=363266"}],"curies":[{"name":"wp","href":"https:\/\/api.w.org\/{rel}","templated":true}]}}