{"id":357363,"date":"2025-02-10T17:37:54","date_gmt":"2025-02-10T15:37:54","guid":{"rendered":"https:\/\/cecot.org\/?post_type=esdeveniment&#038;p=357363"},"modified":"2025-02-19T13:17:52","modified_gmt":"2025-02-19T11:17:52","slug":"la-pensio-de-jubilacio-i-el-treball-per-compte-propi-o-alie-compatibilitats-i-incompatibilitats","status":"publish","type":"esdeveniment","link":"https:\/\/cecot.org\/es\/esdeveniment\/la-pensio-de-jubilacio-i-el-treball-per-compte-propi-o-alie-compatibilitats-i-incompatibilitats\/","title":{"rendered":"La pensi\u00f3 de jubilaci\u00f3 i el treball per compte propi o ali\u00e8: compatibilitats i incompatibilitats"},"content":{"rendered":"\n<p>Con\u00e8ixer la regulaci\u00f3 legal de la Llei General de la Seguretat Social.<br>Con\u00e8ixer cadascuna de les modalitats de jubilaci\u00f3 anticipada o demorada que permetin, al mateix temps, cobrar la pensi\u00f3 i treballar..<br>An\u00e0lisi comparatiu entre totes les modalitats existents.<br>Con\u00e8ixer les incompatibilitats de les altres modalitats de jubilaci\u00f3.<br>Con\u00e8ixer les alternatives d\u2019assegurament de les rendes provinents del treball: els fons de pensions.<br>La planificaci\u00f3 de l\u2019assegurament per la p\u00e8rdua d\u2019ingressos del treball.<\/p>\n\n\n\n<p><\/p>\n\n\n\n<p>Aquesta jornada forma part dels Plans de Formaci\u00f3 de l&#8217;\u00e0mbit de Catalunya, adre\u00e7ats a la capacitaci\u00f3 per al desenvolupament de les funcions relacionades amb el di\u00e0leg social i la negociaci\u00f3 col\u00b7lectiva. Amb el suport del Generalitat de Catalunya, amb n\u00famero d&#8217;expedient STC074\/24\/000001.<\/p>\n\n\n\n<p><\/p>\n\n\n\n<div class=\"wp-block-group qui-organitza is-content-justification-left is-layout-constrained wp-container-core-group-is-layout-8c890d92 wp-block-group-is-layout-constrained\">\n<h4 class=\"wp-block-heading\">Organitza:<\/h4>\n\n\n\n<div class=\"wp-block-group qui-organitza-img is-layout-constrained wp-block-group-is-layout-constrained\">\n<figure class=\"wp-block-image size-full\"><img data-dominant-color=\"001014\" data-has-transparency=\"true\" style=\"--dominant-color: #001014;\" loading=\"lazy\" decoding=\"async\" width=\"400\" height=\"135\" sizes=\"(max-width: 400px) 100vw, 400px\" src=\"https:\/\/cecot.org\/wp-content\/uploads\/2024\/04\/logo_cecot-formacio-i-desenvolupament-136.png\" alt=\"\" class=\"wp-image-312649 has-transparency\" srcset=\"https:\/\/cecot.org\/wp-content\/uploads\/2024\/04\/logo_cecot-formacio-i-desenvolupament-136.png 400w, https:\/\/cecot.org\/wp-content\/uploads\/2024\/04\/logo_cecot-formacio-i-desenvolupament-136-300x101.png 300w\" \/><\/figure>\n<\/div>\n<\/div>\n","protected":false},"featured_media":357366,"menu_order":0,"template":"","categories":[],"class_list":["post-357363","esdeveniment","type-esdeveniment","status-publish","has-post-thumbnail","hentry"],"_links":{"self":[{"href":"https:\/\/cecot.org\/es\/wp-json\/wp\/v2\/esdeveniment\/357363","targetHints":{"allow":["GET"]}}],"collection":[{"href":"https:\/\/cecot.org\/es\/wp-json\/wp\/v2\/esdeveniment"}],"about":[{"href":"https:\/\/cecot.org\/es\/wp-json\/wp\/v2\/types\/esdeveniment"}],"wp:featuredmedia":[{"embeddable":true,"href":"https:\/\/cecot.org\/es\/wp-json\/wp\/v2\/media\/357366"}],"wp:attachment":[{"href":"https:\/\/cecot.org\/es\/wp-json\/wp\/v2\/media?parent=357363"}],"wp:term":[{"taxonomy":"category","embeddable":true,"href":"https:\/\/cecot.org\/es\/wp-json\/wp\/v2\/categories?post=357363"}],"curies":[{"name":"wp","href":"https:\/\/api.w.org\/{rel}","templated":true}]}}